{"id":893,"date":"2016-02-21T16:20:53","date_gmt":"2016-02-21T16:20:53","guid":{"rendered":"http:\/\/www.gultekinaltuntas.com\/?page_id=893"},"modified":"2025-11-03T10:44:29","modified_gmt":"2025-11-03T10:44:29","slug":"haberler","status":"publish","type":"page","link":"https:\/\/www.gultekinaltuntas.com\/?page_id=893","title":{"rendered":"Bas\u0131n"},"content":{"rendered":"<p style=\"text-align: justify;\">Sivil Hava Ula\u015ft\u0131rma \u0130\u015fletmecili\u011fi Program Koordinat\u00f6rl\u00fc\u011f\u00fcn\u00fc y\u00fcr\u00fctt\u00fc\u011f\u00fcm \u0130. \u00dc. A\u00e7\u0131k ve Uzaktan E\u011fitim Fak\u00fcltesi&#8217;nin organize etti\u011fi \u201cSekt\u00f6r\u00fcn \u0130\u00e7inden\u201d serisi \u00e7er\u00e7evesinde \u0130GA \u0130stanbul Havaliman\u0131 \u0130nsan Kaynaklar\u0131 Direkt\u00f6r\u00fc Ahmet Hakan Arslan ile keyifli bir sohbet ger\u00e7ekle\u015ftirdik. Sohbete ili\u015fkin videoyu a\u015fa\u011f\u0131da bulabilirsiniz.<\/p>\n<p style=\"text-align: justify;\">Keyifli seyirler,<\/p>\n<p style=\"text-align: center;\">httpv:\/\/www.youtube.com\/watch?v=gx8xkgGNzZg<\/p>\n<p style=\"text-align: justify;\">Dan\u0131\u015fmanl\u0131\u011f\u0131n\u0131 yapt\u0131\u011f\u0131m \u0130. \u00dc. Lojistik Kul\u00fcb\u00fc\u2019n\u00fcn organize etti\u011fi \u201cUzman\u0131ndan\u201d serisi \u00e7er\u00e7evesinde moderat\u00f6rl\u00fc\u011f\u00fcn\u00fc y\u00fcr\u00fctt\u00fc\u011f\u00fcm \u201cAfet An\u0131nda Lojistik Y\u00f6netimi\u201d etkinli\u011finde, T\u00fcrk K\u0131z\u0131lay\u0131 Lojistik Birim Y\u00f6neticisi Sn. Mehmet M\u00fclayim\u2019i konuk ettik. Ayn\u0131 zamanda eski bir mezunumuz olan Mehmet Bey\u2019le kat\u0131l\u0131mc\u0131lar\u0131m\u0131z e\u015fli\u011finde ger\u00e7ekle\u015ftirdi\u011fimiz bilgilendirici oldu\u011fu kadar e\u011flenceli sohbete ili\u015fkin videoyu a\u015fa\u011f\u0131da bulabilirsiniz.<\/p>\n<p style=\"text-align: justify;\">Keyifli seyirler,<\/p>\n<p style=\"text-align: center;\">httpv:\/\/www.youtube.com\/watch?v=ffGP0pdYULM<\/p>\n<p style=\"text-align: justify;\">Ekovitrin isimli ayl\u0131k i\u015f dergisinin Kas\u0131m 2025 say\u0131s\u0131nda yay\u0131nlanan &#8220;T\u00fcrkiye Lojistikte Yeni Oyun Kurucu Olabilir&#8221; ba\u015fl\u0131kl\u0131 yaz\u0131m\u0131 okumak i\u00e7in <a href=\"\nhttp:\/\/www.gultekinaltuntas.com\/wp-content\/uploads\/2025\/11\/Turkiye-Lojistikte-Yeni-Oyun-Kurucu-Olabilir.pdf\">t\u0131klay\u0131n\u0131z.<\/a><\/p>\n<p style=\"text-align: justify;\">UND&#8217;nin Sesi isimli ayl\u0131k i\u015f dergisinin Haziran 2023 say\u0131s\u0131nda yay\u0131nlanan Gen\u00e7 UND Akademi hakk\u0131ndaki g\u00f6r\u00fc\u015flerimi okumak i\u00e7in <a href=\"https:\/\/und.entra.net\/websites\/und\/files\/2023\/07\/haziran-2023-1.pdf#page=36\">t\u0131klay\u0131n\u0131z.<\/a><\/p>\n<p style=\"text-align: justify;\">Ekovitrin isimli ayl\u0131k i\u015f dergisinin Temmuz 2022 say\u0131s\u0131nda yay\u0131nlanan &#8220;Hava Kargo Sekt\u00f6r\u00fcnde Dalgal\u0131 Seyir&#8221; ba\u015fl\u0131kl\u0131 yaz\u0131m\u0131 okumak i\u00e7in <a href=\"\nhttp:\/\/www.gultekinaltuntas.com\/wp-content\/uploads\/2022\/07\/Hava-Kargo-Sektorunde-Dalgali-Seyir.pdf\">t\u0131klay\u0131n\u0131z.<\/a><\/p>\n<p style=\"text-align: justify;\">Ekovitrin isimli ayl\u0131k i\u015f dergisinin Haziran 2022 say\u0131s\u0131nda yay\u0131nlanan &#8220;Lojistikte Katma De\u011ferli Hizmetler&#8221; ba\u015fl\u0131kl\u0131 yaz\u0131m\u0131 okumak i\u00e7in <a href=\"\nhttp:\/\/www.gultekinaltuntas.com\/wp-content\/uploads\/2022\/07\/Lojistikte-Katma-Degerli-Hizmetler.pdf\">t\u0131klay\u0131n\u0131z.<\/a><\/p>\n<p style=\"text-align: justify;\">Ekovitrin isimli ayl\u0131k i\u015f dergisinin May\u0131s 2022 say\u0131s\u0131nda yay\u0131nlanan &#8220;Otomotiv Tedarik Zincirinde Belirsizlik Sorunu&#8221; ba\u015fl\u0131kl\u0131 yaz\u0131m\u0131 okumak i\u00e7in <a href=\"\nhttp:\/\/www.gultekinaltuntas.com\/wp-content\/uploads\/2022\/05\/Otomotiv-Tedarik-Zincirinde-Belirsizlik-Sorunu.pdf\">t\u0131klay\u0131n\u0131z.<\/a><\/p>\n<p style=\"text-align: justify;\">Ekovitrin isimli ayl\u0131k i\u015f dergisinin web sitesinde yay\u0131nlanan &#8220;Lojistikte Depolama&#8221; ba\u015fl\u0131kl\u0131 yaz\u0131m\u0131 okumak i\u00e7in <a href=\"https:\/\/www.ekovitrin.com\/lojistik\/dr-gultekin-altuntas-yazdi-lojistikte-depolama-h505502.html\">t\u0131klay\u0131n\u0131z.<\/a><\/p>\n<p style=\"text-align: justify;\">Ekovitrin isimli ayl\u0131k i\u015f dergisinin Kas\u0131m 2021 say\u0131s\u0131nda yay\u0131nlanan &#8220;&#8216;Payla\u015f\u0131m&#8217;, Lojistik Sekt\u00f6r\u00fc i\u00e7in \u00c7ok \u00d6nemli&#8221; ba\u015fl\u0131kl\u0131 yaz\u0131m\u0131 okumak i\u00e7in <a href=\"http:\/\/www.gultekinaltuntas.com\/wp-content\/uploads\/2021\/11\/Payla\u015f\u0131m.pdf\">t\u0131klay\u0131n\u0131z.<\/a><\/p>\n<p style=\"text-align: justify;\">Ekovitrin isimli ayl\u0131k i\u015f dergisinin Ocak 2021 say\u0131s\u0131nda yay\u0131nlanan &#8220;Denizcilik Sekt\u00f6r\u00fcnde Pandemi S\u00fcreci&#8221; ba\u015fl\u0131kl\u0131 yaz\u0131m\u0131 okumak i\u00e7in <a href=\"http:\/\/www.gultekinaltuntas.com\/wp-content\/uploads\/2021\/01\/Denizcilik-Sekt\u00f6r\u00fcnde-Pandemi-S\u00fcreci.jpg\">t\u0131klay\u0131n\u0131z.<\/a><\/p>\n<p style=\"text-align: justify;\">Ekovitrin isimli ayl\u0131k i\u015f dergisinin Kas\u0131m 2020 say\u0131s\u0131nda yay\u0131nlanan &#8220;Perakende Lojisti\u011fi Yeni ve Alternatif \u00c7\u00f6z\u00fcmler Geli\u015ftirmeli&#8221; ba\u015fl\u0131kl\u0131 yaz\u0131m\u0131 okumak i\u00e7in <a href=\"http:\/\/www.gultekinaltuntas.com\/wp-content\/uploads\/2020\/11\/Perakende-Lojisti\u011fi-Yeni-ve-Alternatif-\u00c7\u00f6z\u00fcmler-Geli\u015ftirmeli.pdf\">t\u0131klay\u0131n\u0131z.<\/a><\/p>\n<p style=\"text-align: justify;\">Ekovitrin isimli ayl\u0131k i\u015f dergisinin Kas\u0131m 2019 \u00f6zel say\u0131s\u0131nda yay\u0131nlanan &#8220;End\u00fcstri 4.0 ve Hava Kargo Sekt\u00f6r\u00fc&#8221; ba\u015fl\u0131kl\u0131 yaz\u0131m\u0131 okumak i\u00e7in <a href=\"http:\/\/www.gultekinaltuntas.com\/wp-content\/uploads\/2020\/11\/End\u00fcstri-4.0-ve-Hava-Kargo-Sekt\u00f6r\u00fc.pdf\">t\u0131klay\u0131n\u0131z.<\/a><\/p>\n<p style=\"text-align: justify;\">Unibusiness isimli ayl\u0131k ula\u015f\u0131m ve i\u015f dergisinin Haziran 2015 say\u0131s\u0131nda yay\u0131nlanan &#8220;Stratejik Y\u00f6netim Nedir, Ne De\u011fildir?&#8221; ba\u015fl\u0131kl\u0131 yaz\u0131m\u0131 okumak i\u00e7in <a href=\"http:\/\/www.gultekinaltuntas.com\/wp-content\/uploads\/2016\/02\/UniBusiness-Haziran2015.jpg\">t\u0131klay\u0131n\u0131z.<\/a><\/p>\n","protected":false},"excerpt":{"rendered":"<p>Sivil Hava Ula\u015ft\u0131rma \u0130\u015fletmecili\u011fi Program Koordinat\u00f6rl\u00fc\u011f\u00fcn\u00fc y\u00fcr\u00fctt\u00fc\u011f\u00fcm \u0130. \u00dc. A\u00e7\u0131k ve Uzaktan E\u011fitim Fak\u00fcltesi&#8217;nin organize etti\u011fi \u201cSekt\u00f6r\u00fcn \u0130\u00e7inden\u201d serisi \u00e7er\u00e7evesinde \u0130GA \u0130stanbul Havaliman\u0131 \u0130nsan Kaynaklar\u0131 Direkt\u00f6r\u00fc Ahmet Hakan Arslan ile keyifli bir sohbet ger\u00e7ekle\u015ftirdik. Sohbete ili\u015fkin videoyu a\u015fa\u011f\u0131da bulabilirsiniz. Keyifli seyirler, httpv:\/\/www.youtube.com\/watch?v=gx8xkgGNzZg Dan\u0131\u015fmanl\u0131\u011f\u0131n\u0131 yapt\u0131\u011f\u0131m \u0130. \u00dc. Lojistik Kul\u00fcb\u00fc\u2019n\u00fcn organize etti\u011fi \u201cUzman\u0131ndan\u201d serisi \u00e7er\u00e7evesinde moderat\u00f6rl\u00fc\u011f\u00fcn\u00fc y\u00fcr\u00fctt\u00fc\u011f\u00fcm<\/p>\n","protected":false},"author":1,"featured_media":0,"parent":0,"menu_order":5,"comment_status":"closed","ping_status":"closed","template":"","meta":{"advanced_seo_description":"","jetpack_seo_html_title":"","jetpack_seo_noindex":false,"jetpack_post_was_ever_published":false,"footnotes":""},"class_list":["post-893","page","type-page","status-publish","hentry"],"jetpack_sharing_enabled":true,"jetpack_shortlink":"https:\/\/wp.me\/P5nO7q-ep","jetpack-related-posts":[],"_links":{"self":[{"href":"https:\/\/www.gultekinaltuntas.com\/index.php?rest_route=\/wp\/v2\/pages\/893","targetHints":{"allow":["GET"]}}],"collection":[{"href":"https:\/\/www.gultekinaltuntas.com\/index.php?rest_route=\/wp\/v2\/pages"}],"about":[{"href":"https:\/\/www.gultekinaltuntas.com\/index.php?rest_route=\/wp\/v2\/types\/page"}],"author":[{"embeddable":true,"href":"https:\/\/www.gultekinaltuntas.com\/index.php?rest_route=\/wp\/v2\/users\/1"}],"replies":[{"embeddable":true,"href":"https:\/\/www.gultekinaltuntas.com\/index.php?rest_route=%2Fwp%2Fv2%2Fcomments&post=893"}],"version-history":[{"count":28,"href":"https:\/\/www.gultekinaltuntas.com\/index.php?rest_route=\/wp\/v2\/pages\/893\/revisions"}],"predecessor-version":[{"id":1378,"href":"https:\/\/www.gultekinaltuntas.com\/index.php?rest_route=\/wp\/v2\/pages\/893\/revisions\/1378"}],"wp:attachment":[{"href":"https:\/\/www.gultekinaltuntas.com\/index.php?rest_route=%2Fwp%2Fv2%2Fmedia&parent=893"}],"curies":[{"name":"wp","href":"https:\/\/api.w.org\/{rel}","templated":true}]}}